{"id":1048,"date":"2023-03-28T19:50:38","date_gmt":"2023-03-28T19:50:38","guid":{"rendered":"https:\/\/www.mtcs.eu\/prywatnosc\/"},"modified":"2026-02-12T19:51:36","modified_gmt":"2026-02-12T19:51:36","slug":"prywatnosc","status":"publish","type":"page","link":"https:\/\/www.mtcs.eu\/pl\/prywatnosc\/","title":{"rendered":"Prywatno\u015b\u0107"},"content":{"rendered":"\t\t<div data-elementor-type=\"wp-page\" data-elementor-id=\"1048\" class=\"elementor elementor-1048 elementor-357\" data-elementor-post-type=\"page\">\n\t\t\t\t\t\t<section data-particle_enable=\"false\" data-particle-mobile-disabled=\"false\" class=\"elementor-section elementor-top-section elementor-element elementor-element-68e9207 elementor-section-boxed elementor-section-height-default elementor-section-height-default\" data-id=\"68e9207\" data-element_type=\"section\" data-e-type=\"section\">\n\t\t\t\t\t\t<div class=\"elementor-container elementor-column-gap-default\">\n\t\t\t\t\t<div class=\"elementor-column elementor-col-100 elementor-top-column elementor-element elementor-element-c67e093\" data-id=\"c67e093\" data-element_type=\"column\" data-e-type=\"column\">\n\t\t\t<div class=\"elementor-widget-wrap elementor-element-populated\">\n\t\t\t\t\t\t<div class=\"elementor-element elementor-element-f657a3c elementor-widget elementor-widget-heading\" data-id=\"f657a3c\" data-element_type=\"widget\" data-e-type=\"widget\" data-widget_type=\"heading.default\">\n\t\t\t\t\t<h2 class=\"elementor-heading-title elementor-size-default\">Polityka prywatno\u015bci<\/h2>\t\t\t\t<\/div>\n\t\t\t\t<div class=\"elementor-element elementor-element-9b12bee elementor-widget elementor-widget-text-editor\" data-id=\"9b12bee\" data-element_type=\"widget\" data-e-type=\"widget\" data-widget_type=\"text-editor.default\">\n\t\t\t\t\t\t\t\t\t<p style=\"font-weight: 400;\">Dzi\u0119kujemy za zainteresowanie nasz\u0105 organizacj\u0105. Ochrona danych jest szczeg\u00f3lnie wysokim priorytetem dla zarz\u0105du Marine 2-Stroke Consultant &amp; Service GmbH (dalej zwanej \u201eMTCS\u201d lub \u201emy\u201d). <\/p><p style=\"font-weight: 400;\">Przetwarzamy dane osobowe podczas Twojej wizyty na naszej stronie internetowej w celu dostarczenia Ci tre\u015bci, umo\u017cliwienia zarz\u0105dzania plikami cookie u\u017cywanymi na stronie, zabezpieczenia naszej infrastruktury IT oraz analizy b\u0142\u0119d\u00f3w na naszej stronie internetowej.<\/p><p style=\"font-weight: 400;\">Przetwarzanie danych osobowych, takich jak imi\u0119 i nazwisko, adres, adres e-mail lub numer telefonu osoby, kt\u00f3rej dane dotycz\u0105, odbywa si\u0119 zawsze zgodnie z Og\u00f3lnym Rozporz\u0105dzeniem o Ochronie Danych (RODO) oraz z krajowymi przepisami o ochronie danych obowi\u0105zuj\u0105cymi w MTCS. Za pomoc\u0105 niniejszej deklaracji o ochronie danych nasza organizacja pragnie poinformowa\u0107 opini\u0119 publiczn\u0105 o charakterze, zakresie i celu gromadzonych, wykorzystywanych i przetwarzanych przez nas danych osobowych. Ponadto, za pomoc\u0105 niniejszej deklaracji o ochronie danych, osoby, kt\u00f3rych dane dotycz\u0105, s\u0105 informowane o przys\u0142uguj\u0105cych im prawach.  <\/p><p style=\"font-weight: 400;\">Jako administrator, MTCS wdro\u017cy\u0142o liczne \u015brodki techniczne i organizacyjne w celu zapewnienia jak najpe\u0142niejszej ochrony danych osobowych przetwarzanych za po\u015brednictwem tej strony internetowej. Jednak\u017ce, transmisje danych przez internet mog\u0105 co do zasady zawiera\u0107 luki w zabezpieczeniach, dlatego nie mo\u017cna zagwarantowa\u0107 absolutnej ochrony. Z tego powodu ka\u017cda osoba, kt\u00f3rej dane dotycz\u0105, mo\u017ce swobodnie przekazywa\u0107 nam dane osobowe za pomoc\u0105 alternatywnych \u015brodk\u00f3w, np. telefonicznie.  <\/p>\t\t\t\t\t\t\t\t<\/div>\n\t\t\t\t<div class=\"elementor-element elementor-element-ed0a1bb elementor-widget elementor-widget-text-editor\" data-id=\"ed0a1bb\" data-element_type=\"widget\" data-e-type=\"widget\" data-widget_type=\"text-editor.default\">\n\t\t\t\t\t\t\t\t\t<p><strong>1. Definicje<\/strong><br>Deklaracja o ochronie danych MTCS opiera si\u0119 na terminach u\u017cywanych przez prawodawc\u0119 europejskiego do przyj\u0119cia Og\u00f3lnego Rozporz\u0105dzenia o Ochronie Danych (RODO). Nasza deklaracja o ochronie danych powinna by\u0107 czytelna i zrozumia\u0142a dla og\u00f3\u0142u spo\u0142ecze\u0144stwa, a tak\u017ce dla naszych klient\u00f3w i partner\u00f3w biznesowych. Aby to zapewni\u0107, chcieliby\u015bmy najpierw wyja\u015bni\u0107 u\u017cywan\u0105 terminologi\u0119.<br>W niniejszej deklaracji o ochronie danych u\u017cywamy mi\u0119dzy innymi nast\u0119puj\u0105cych termin\u00f3w:  <\/p><p>a) Dane osobowe<br>Dane osobowe oznaczaj\u0105 wszelkie informacje dotycz\u0105ce zidentyfikowanej lub mo\u017cliwej do zidentyfikowania osoby fizycznej (\u201eosoby, kt\u00f3rej dane dotycz\u0105\u201d). Mo\u017cliwa do zidentyfikowania osoba fizyczna to osoba, kt\u00f3r\u0105 mo\u017cna bezpo\u015brednio lub po\u015brednio zidentyfikowa\u0107, w szczeg\u00f3lno\u015bci na podstawie identyfikatora takiego jak imi\u0119 i nazwisko, numer identyfikacyjny, dane o lokalizacji, identyfikator internetowy lub jeden b\u0105d\u017a kilka szczeg\u00f3lnych czynnik\u00f3w okre\u015blaj\u0105cych fizyczn\u0105, fizjologiczn\u0105, genetyczn\u0105, psychiczn\u0105, ekonomiczn\u0105, kulturow\u0105 lub spo\u0142eczn\u0105 to\u017csamo\u015b\u0107 osoby fizycznej. <\/p><p>b) Osoba, kt\u00f3rej dane dotycz\u0105<br>Osoba, kt\u00f3rej dane dotycz\u0105, to ka\u017cda zidentyfikowana lub mo\u017cliwa do zidentyfikowania osoba fizyczna, kt\u00f3rej dane osobowe s\u0105 przetwarzane przez administratora odpowiedzialnego za przetwarzanie.<\/p><p>c) Przetwarzanie<br>Przetwarzanie oznacza operacj\u0119 lub zestaw operacji wykonywanych na danych osobowych lub zestawach danych osobowych w spos\u00f3b zautomatyzowany lub niezautomatyzowany, tak\u0105 jak zbieranie, utrwalanie, organizowanie, porz\u0105dkowanie, przechowywanie, adaptowanie lub modyfikowanie, pobieranie, przegl\u0105danie, wykorzystywanie, ujawnianie poprzez przes\u0142anie, rozpowszechnianie lub innego rodzaju udost\u0119pnianie, dopasowywanie lub \u0142\u0105czenie, ograniczanie, usuwanie lub niszczenie.<\/p><p>d) Ograniczenie przetwarzania<br>Ograniczenie przetwarzania to oznaczenie przechowywanych danych osobowych w celu ograniczenia ich przysz\u0142ego przetwarzania.<\/p><p>e) Profilowanie<br>Profilowanie oznacza dowoln\u0105 form\u0119 zautomatyzowanego przetwarzania danych osobowych, kt\u00f3re polega na wykorzystaniu danych osobowych do oceny niekt\u00f3rych czynnik\u00f3w osobowych osoby fizycznej, w szczeg\u00f3lno\u015bci do analizy lub prognozy aspekt\u00f3w dotycz\u0105cych efekt\u00f3w pracy tej osoby fizycznej, jej sytuacji ekonomicznej, zdrowia, osobistych preferencji, zainteresowa\u0144, wiarygodno\u015bci, zachowania, lokalizacji lub przemieszczania si\u0119.<\/p><p>f) Pseudonimizacja<br>Pseudonimizacja to przetwarzanie danych osobowych w taki spos\u00f3b, by nie mo\u017cna ich by\u0142o ju\u017c przypisa\u0107 konkretnej osobie, kt\u00f3rej dane dotycz\u0105, bez u\u017cycia dodatkowych informacji, pod warunkiem \u017ce takie dodatkowe informacje s\u0105 przechowywane osobno i s\u0105 obj\u0119te \u015brodkami technicznymi i organizacyjnymi uniemo\u017cliwiaj\u0105cymi ich przypisanie zidentyfikowanej lub mo\u017cliwej do zidentyfikowania osobie fizycznej.<\/p><p>g) Administrator lub administrator odpowiedzialny za przetwarzanie<br>Administrator lub administrator odpowiedzialny za przetwarzanie to osoba fizyczna lub prawna, organ publiczny, agencja lub inny podmiot, kt\u00f3ry samodzielnie lub wsp\u00f3lnie z innymi ustala cele i sposoby przetwarzania danych osobowych; je\u017celi cele i sposoby takiego przetwarzania s\u0105 okre\u015blone w prawie Unii lub w prawie pa\u0144stwa cz\u0142onkowskiego, administrator lub konkretne kryteria jego nominacji mog\u0105 by\u0107 przewidziane w prawie Unii lub w prawie pa\u0144stwa cz\u0142onkowskiego.<\/p><p>h) Podmiot przetwarzaj\u0105cy<br>Podmiot przetwarzaj\u0105cy to osoba fizyczna lub prawna, organ publiczny, agencja lub inny podmiot, kt\u00f3ry przetwarza dane osobowe w imieniu administratora.<\/p><p>i) Odbiorca<br>Odbiorca to osoba fizyczna lub prawna, organ publiczny, agencja lub inny podmiot, kt\u00f3remu ujawnia si\u0119 dane osobowe, niezale\u017cnie od tego, czy jest stron\u0105 trzeci\u0105. Organy publiczne, kt\u00f3re mog\u0105 otrzymywa\u0107 dane osobowe w ramach konkretnego zapytania zgodnie z prawem Unii lub prawem pa\u0144stwa cz\u0142onkowskiego, nie s\u0105 jednak uwa\u017cane za odbiorc\u00f3w; przetwarzanie tych danych przez te organy publiczne odbywa si\u0119 zgodnie z obowi\u0105zuj\u0105cymi przepisami o ochronie danych, stosownie do cel\u00f3w przetwarzania. <\/p><p>j) Strona trzecia<br>Strona trzecia to osoba fizyczna lub prawna, organ publiczny, agencja lub podmiot inny ni\u017c osoba, kt\u00f3rej dane dotycz\u0105, administrator, podmiot przetwarzaj\u0105cy oraz osoby, kt\u00f3re pod bezpo\u015brednim zwierzchnictwem administratora lub podmiotu przetwarzaj\u0105cego s\u0105 upowa\u017cnione do przetwarzania danych osobowych.<\/p><p>k) Zgoda<br>Zgoda osoby, kt\u00f3rej dane dotycz\u0105, oznacza dobrowolne, konkretne, \u015bwiadome i jednoznaczne okazanie woli, kt\u00f3rym osoba, kt\u00f3rej dane dotycz\u0105, w formie o\u015bwiadczenia lub wyra\u017anego dzia\u0142ania potwierdzaj\u0105cego, przyzwala na przetwarzanie dotycz\u0105cych jej danych osobowych.<\/p>\t\t\t\t\t\t\t\t<\/div>\n\t\t\t\t<div class=\"elementor-element elementor-element-6d35d0c elementor-widget elementor-widget-text-editor\" data-id=\"6d35d0c\" data-element_type=\"widget\" data-e-type=\"widget\" data-widget_type=\"text-editor.default\">\n\t\t\t\t\t\t\t\t\t<p><strong>2. Nazwa i adres administratora<\/strong><br><br>Administratorem w rozumieniu Og\u00f3lnego Rozporz\u0105dzenia o Ochronie Danych (RODO), innych przepis\u00f3w o ochronie danych obowi\u0105zuj\u0105cych w pa\u0144stwach cz\u0142onkowskich Unii Europejskiej oraz innych przepis\u00f3w zwi\u0105zanych z ochron\u0105 danych jest:<br><br>MTCS \u2013Marine 2-Stroke Consultant &amp; Service GmbH<br>Witternstrasse 20<br>21107 Hamburg<br>Niemcy<br><br>Telefon: +49 40 XXX<br>E-mail: info@mtcs.eu<br>Strona internetowa: https:\/\/www.mtcs.eu<\/p>\t\t\t\t\t\t\t\t<\/div>\n\t\t\t\t<div class=\"elementor-element elementor-element-646699a elementor-widget elementor-widget-text-editor\" data-id=\"646699a\" data-element_type=\"widget\" data-e-type=\"widget\" data-widget_type=\"text-editor.default\">\n\t\t\t\t\t\t\t\t\t<p><strong>3. Imi\u0119 i nazwisko oraz adres Inspektora Ochrony Danych<\/strong><\/p><p>Robert Koerner<\/p><p>Marine 2-Stroke Consultant &amp; Service GmbH<br>Witternstrasse 20<br>21107 Hamburg<br>Niemcy<\/p><p>Telefon: +49 40 325 12 30 50<br>E-mail: info@mtcs.eu<br>Strona internetowa: https:\/\/www.mtcs.eu<\/p><p>Ka\u017cda osoba, kt\u00f3rej dane dotycz\u0105, mo\u017ce w ka\u017cdej chwili skontaktowa\u0107 si\u0119 bezpo\u015brednio z naszym Inspektorem Ochrony Danych we wszystkich kwestiach i sugestiach dotycz\u0105cych ochrony danych.<\/p>\t\t\t\t\t\t\t\t<\/div>\n\t\t\t\t<div class=\"elementor-element elementor-element-2106820 elementor-widget elementor-widget-text-editor\" data-id=\"2106820\" data-element_type=\"widget\" data-e-type=\"widget\" data-widget_type=\"text-editor.default\">\n\t\t\t\t\t\t\t\t\t<p><strong>4. Pliki cookie<br><br><\/strong>Strony internetowe MTCS u\u017cywaj\u0105 plik\u00f3w cookie. Pliki cookie to pliki tekstowe, kt\u00f3re s\u0105 przechowywane w systemie komputerowym za po\u015brednictwem przegl\u0105darki internetowej.<br>Wiele stron internetowych i serwer\u00f3w u\u017cywa plik\u00f3w cookie. Wiele plik\u00f3w cookie zawiera tzw. identyfikator cookie. Identyfikator cookie to unikalny identyfikator pliku cookie. Sk\u0142ada si\u0119 on z ci\u0105gu znak\u00f3w, za pomoc\u0105 kt\u00f3rego strony internetowe i serwery mog\u0105 by\u0107 przypisane do konkretnej przegl\u0105darki internetowej, w kt\u00f3rej plik cookie zosta\u0142 zapisany. Umo\u017cliwia to odwiedzanym stronom internetowym i serwerom odr\u00f3\u017cnienie indywidualnej przegl\u0105darki osoby, kt\u00f3rej dane dotycz\u0105, od innych przegl\u0105darek internetowych zawieraj\u0105cych inne pliki cookie. Konkretna przegl\u0105darka internetowa mo\u017ce by\u0107 rozpoznana i zidentyfikowana za pomoc\u0105 unikalnego identyfikatora cookie.<br>Dzi\u0119ki u\u017cyciu plik\u00f3w cookie MTCS mo\u017ce zapewni\u0107 u\u017cytkownikom tej strony internetowej bardziej przyjazne dla u\u017cytkownika us\u0142ugi, kt\u00f3re nie by\u0142yby mo\u017cliwe bez ustawienia plik\u00f3w cookie.      <br><br>Za pomoc\u0105 pliku cookie informacje i oferty na naszej stronie internetowej mog\u0105 by\u0107 zoptymalizowane pod k\u0105tem u\u017cytkownika. Pliki cookie pozwalaj\u0105 nam, jak wspomniano wcze\u015bniej, rozpoznawa\u0107 u\u017cytkownik\u00f3w naszej strony internetowej. Celem tego rozpoznania jest u\u0142atwienie u\u017cytkownikom korzystania z naszej strony internetowej. U\u017cytkownik strony internetowej, kt\u00f3ry u\u017cywa plik\u00f3w cookie, np. nie musi za ka\u017cdym razem wprowadza\u0107 danych dost\u0119powych, poniewa\u017c s\u0105 one przejmowane przez stron\u0119 internetow\u0105, a plik cookie jest w ten spos\u00f3b przechowywany w systemie komputerowym u\u017cytkownika. Innym przyk\u0142adem jest plik cookie koszyka zakup\u00f3w w sklepie internetowym. Sklep internetowy zapami\u0119tuje artyku\u0142y, kt\u00f3re klient umie\u015bci\u0142 w wirtualnym koszyku, za po\u015brednictwem pliku cookie.     <br><br>Osoba, kt\u00f3rej dane dotycz\u0105, mo\u017ce w ka\u017cdej chwili zapobiec ustawianiu plik\u00f3w cookie za po\u015brednictwem naszej strony internetowej poprzez odpowiednie ustawienie u\u017cywanej przegl\u0105darki internetowej i w ten spos\u00f3b trwale odm\u00f3wi\u0107 ustawiania plik\u00f3w cookie. Ponadto, ju\u017c ustawione pliki cookie mog\u0105 by\u0107 usuni\u0119te w dowolnym momencie za po\u015brednictwem przegl\u0105darki internetowej lub innych program\u00f3w. Jest to mo\u017cliwe we wszystkich popularnych przegl\u0105darkach internetowych. Je\u015bli osoba, kt\u00f3rej dane dotycz\u0105, dezaktywuje ustawianie plik\u00f3w cookie w u\u017cywanej przegl\u0105darce internetowej, nie wszystkie funkcje naszej strony internetowej mog\u0105 by\u0107 w pe\u0142ni u\u017cyteczne.   <\/p>\t\t\t\t\t\t\t\t<\/div>\n\t\t\t\t<div class=\"elementor-element elementor-element-7472518 elementor-widget elementor-widget-text-editor\" data-id=\"7472518\" data-element_type=\"widget\" data-e-type=\"widget\" data-widget_type=\"text-editor.default\">\n\t\t\t\t\t\t\t\t\t<p><strong>5. Gromadzenie og\u00f3lnych danych i informacji<\/strong><\/p><p>Strona internetowa MTCS gromadzi szereg og\u00f3lnych danych i informacji, gdy osoba, kt\u00f3rej dane dotycz\u0105, lub system zautomatyzowany wywo\u0142uje stron\u0119 internetow\u0105. Te og\u00f3lne dane i informacje s\u0105 przechowywane w plikach dziennika serwera. Mog\u0105 by\u0107 gromadzone: (1) u\u017cywane typy i wersje przegl\u0105darek, (2) system operacyjny u\u017cywany przez system dost\u0119powy, (3) strona internetowa, z kt\u00f3rej system dost\u0119powy dociera do naszej strony internetowej (tzw. strony odsy\u0142aj\u0105ce), (4) podstrony, (5) data i godzina dost\u0119pu do strony internetowej, (6) adres protoko\u0142u internetowego (adres IP), (7) dostawca us\u0142ug internetowych systemu dost\u0119powego oraz (8) wszelkie inne podobne dane i informacje, kt\u00f3re mog\u0105 by\u0107 wykorzystane w przypadku atak\u00f3w na nasze systemy informatyczne.  <br><br>Korzystaj\u0105c z tych og\u00f3lnych danych i informacji, MTCS nie wyci\u0105ga \u017cadnych wniosk\u00f3w dotycz\u0105cych osoby, kt\u00f3rej dane dotycz\u0105. Informacje te s\u0105 raczej potrzebne do (1) prawid\u0142owego dostarczania tre\u015bci naszej strony internetowej, (2) optymalizacji tre\u015bci naszej strony internetowej oraz jej reklamy, (3) zapewnienia d\u0142ugoterminowej \u017cywotno\u015bci naszych system\u00f3w informatycznych i technologii strony internetowej oraz (4) dostarczenia organom \u015bcigania informacji niezb\u0119dnych do \u015bcigania karnego w przypadku cyberataku. Dlatego MTCS analizuje anonimowo zebrane dane i informacje statystycznie, w celu zwi\u0119kszenia ochrony danych i bezpiecze\u0144stwa danych naszej organizacji oraz zapewnienia optymalnego poziomu ochrony przetwarzanych przez nas danych osobowych. Anonimowe dane z plik\u00f3w dziennika serwera s\u0105 przechowywane oddzielnie od wszystkich danych osobowych dostarczonych przez osob\u0119, kt\u00f3rej dane dotycz\u0105.   <\/p>\t\t\t\t\t\t\t\t<\/div>\n\t\t\t\t<div class=\"elementor-element elementor-element-f60ffbe elementor-widget elementor-widget-text-editor\" data-id=\"f60ffbe\" data-element_type=\"widget\" data-e-type=\"widget\" data-widget_type=\"text-editor.default\">\n\t\t\t\t\t\t\t\t\t<p><strong>6. Mo\u017cliwo\u015b\u0107 kontaktu za po\u015brednictwem strony internetowej<\/strong><\/p><p>Strona internetowa MTCS zawiera informacje umo\u017cliwiaj\u0105ce szybki kontakt elektroniczny z nasz\u0105 organizacj\u0105, a tak\u017ce bezpo\u015bredni\u0105 komunikacj\u0119 z nami, co obejmuje r\u00f3wnie\u017c og\u00f3lny adres tzw. poczty elektronicznej (adres e-mail). Je\u015bli osoba, kt\u00f3rej dane dotycz\u0105, skontaktuje si\u0119 z administratorem za po\u015brednictwem poczty elektronicznej lub formularza kontaktowego, przekazane przez ni\u0105 dane osobowe s\u0105 automatycznie przechowywane. Takie dane osobowe przekazane dobrowolnie przez osob\u0119, kt\u00f3rej dane dotycz\u0105, administratorowi danych s\u0105 przechowywane w celu przetwarzania lub kontaktu z osob\u0105, kt\u00f3rej dane dotycz\u0105. Dane te nie s\u0105 przekazywane stronom trzecim.   <\/p>\t\t\t\t\t\t\t\t<\/div>\n\t\t\t\t<div class=\"elementor-element elementor-element-b7baec3 elementor-widget elementor-widget-text-editor\" data-id=\"b7baec3\" data-element_type=\"widget\" data-e-type=\"widget\" data-widget_type=\"text-editor.default\">\n\t\t\t\t\t\t\t\t\t<p><strong>7. Rutynowe usuwanie i blokowanie danych osobowych<\/strong><\/p>\n<p>Administrator danych przetwarza i przechowuje dane osobowe osoby, kt\u00f3rej dane dotycz\u0105, tylko przez okres niezb\u0119dny do osi\u0105gni\u0119cia celu przechowywania lub tak d\u0142ugo, jak jest to przewidziane przez prawodawc\u0119 europejskiego lub innych prawodawc\u00f3w w ustawach lub rozporz\u0105dzeniach, kt\u00f3rym podlega administrator.<br>Je\u015bli cel przechowywania przestaje obowi\u0105zywa\u0107 lub je\u015bli up\u0142ynie okres przechowywania przewidziany przez prawodawc\u0119 europejskiego lub innego w\u0142a\u015bciwego prawodawc\u0119, dane osobowe s\u0105 rutynowo blokowane lub usuwane zgodnie z wymogami prawnymi.<\/p>\t\t\t\t\t\t\t\t<\/div>\n\t\t\t\t<div class=\"elementor-element elementor-element-31b24e1 elementor-widget elementor-widget-text-editor\" data-id=\"31b24e1\" data-element_type=\"widget\" data-e-type=\"widget\" data-widget_type=\"text-editor.default\">\n\t\t\t\t\t\t\t\t\t<p><strong>8. Prawa osoby, kt\u00f3rej dane dotycz\u0105<\/strong><\/p>\n<p><strong style=\"color: var( --e-global-color-text ); font-family: var( --e-global-typography-text-font-family ), Sans-serif;\">a) Prawo do potwierdzenia<\/strong><\/p>\n<p style=\"font-weight: 400;\">Ka\u017cda osoba, kt\u00f3rej dane dotycz\u0105, ma prawo przyznane przez prawodawc\u0119 europejskiego do uzyskania od administratora potwierdzenia, czy dane osobowe jej dotycz\u0105ce s\u0105 przetwarzane. Je\u015bli osoba, kt\u00f3rej dane dotycz\u0105, chce skorzysta\u0107 z tego prawa do potwierdzenia, mo\u017ce w ka\u017cdej chwili skontaktowa\u0107 si\u0119 z dowolnym pracownikiem administratora. <\/p>\n<p style=\"font-weight: 400;\">\n<\/p><p style=\"font-weight: 400;\"><strong style=\"color: var( --e-global-color-text ); font-family: var( --e-global-typography-text-font-family ), Sans-serif;\">b) Prawo dost\u0119pu<\/strong><\/p>\n<p style=\"font-weight: 400;\">Ka\u017cda osoba, kt\u00f3rej dane dotycz\u0105, ma prawo przyznane przez prawodawc\u0119 europejskiego do uzyskania od administratora bezp\u0142atnych informacji o przechowywanych danych osobowych jej dotycz\u0105cych w dowolnym czasie oraz kopii tych informacji. Ponadto, dyrektywy i rozporz\u0105dzenia europejskie przyznaj\u0105 osobie, kt\u00f3rej dane dotycz\u0105, dost\u0119p do nast\u0119puj\u0105cych informacji: <\/p>\n<ul style=\"font-weight: 400;\">\n<li style=\"list-style-type: none;\">\n<ul>\n<li>cele przetwarzania;<\/li>\n<li>kategorie danych osobowych, kt\u00f3rych to dotyczy;<\/li>\n<li>odbiorcy lub kategorie odbiorc\u00f3w, kt\u00f3rym dane osobowe zosta\u0142y lub zostan\u0105 ujawnione, w szczeg\u00f3lno\u015bci odbiorcy w pa\u0144stwach trzecich lub organizacjach mi\u0119dzynarodowych;<\/li>\n<li>w miar\u0119 mo\u017cliwo\u015bci planowany okres przechowywania danych osobowych, a gdy nie jest to mo\u017cliwe, kryteria ustalania tego okresu;<\/li>\n<li>istnienie prawa do \u017c\u0105dania od administratora sprostowania lub usuni\u0119cia danych osobowych, lub ograniczenia przetwarzania danych osobowych dotycz\u0105cych osoby, kt\u00f3rej dane dotycz\u0105, lub wniesienia sprzeciwu wobec takiego przetwarzania;<\/li>\n<li>istnienie prawa do wniesienia skargi do organu nadzorczego;<\/li>\n<li>je\u017celi dane osobowe nie zosta\u0142y zebrane od osoby, kt\u00f3rej dane dotycz\u0105 \u2013 wszelkie dost\u0119pne informacje o ich \u017ar\u00f3dle;<\/li>\n<li>istnienie zautomatyzowanego podejmowania decyzji, w tym profilowania, o kt\u00f3rym mowa w art. 22 ust. 1 i 4 RODO, oraz \u2013 przynajmniej w tych przypadkach \u2013 istotne informacje o zasadach ich podejmowania, a tak\u017ce o znaczeniu i przewidywanych konsekwencjach takiego przetwarzania dla osoby, kt\u00f3rej dane dotycz\u0105.<\/li>\n<\/ul>\n<\/li>\n<\/ul>\n<div>&nbsp;<\/div>\n<p style=\"font-weight: 400;\">Ponadto, osoba, kt\u00f3rej dane dotycz\u0105, ma prawo do uzyskania informacji, czy dane osobowe s\u0105 przekazywane do pa\u0144stwa trzeciego lub organizacji mi\u0119dzynarodowej. W takim przypadku osoba, kt\u00f3rej dane dotycz\u0105, ma prawo do informacji o odpowiednich zabezpieczeniach zwi\u0105zanych z przekazaniem. <\/p>\n<p style=\"font-weight: 400;\">Je\u015bli osoba, kt\u00f3rej dane dotycz\u0105, chce skorzysta\u0107 z tego prawa dost\u0119pu, mo\u017ce w ka\u017cdej chwili skontaktowa\u0107 si\u0119 z dowolnym pracownikiem administratora.<\/p>\n<p style=\"font-weight: 400;\">\n<\/p><p style=\"font-weight: 400;\"><strong style=\"color: var( --e-global-color-text ); font-family: var( --e-global-typography-text-font-family ), Sans-serif;\">c) Prawo do sprostowania<\/strong><\/p>\n<p style=\"font-weight: 400;\">Ka\u017cda osoba, kt\u00f3rej dane dotycz\u0105, ma prawo przyznane przez prawodawc\u0119 europejskiego do \u017c\u0105dania od administratora niezw\u0142ocznego sprostowania niedok\u0142adnych danych osobowych jej dotycz\u0105cych. Bior\u0105c pod uwag\u0119 cele przetwarzania, osoba, kt\u00f3rej dane dotycz\u0105, ma prawo do uzupe\u0142nienia niekompletnych danych osobowych, w tym poprzez przedstawienie dodatkowego o\u015bwiadczenia. <\/p>\n<p style=\"font-weight: 400;\">Je\u015bli osoba, kt\u00f3rej dane dotycz\u0105, chce skorzysta\u0107 z tego prawa do sprostowania, mo\u017ce w ka\u017cdej chwili skontaktowa\u0107 si\u0119 z dowolnym pracownikiem administratora.<\/p>\n<p style=\"font-weight: 400;\">\n<\/p><p style=\"font-weight: 400;\"><strong style=\"color: var( --e-global-color-text ); font-family: var( --e-global-typography-text-font-family ), Sans-serif;\">d) Prawo do usuni\u0119cia danych (\u201eprawo do bycia zapomnianym\u201d)<\/strong><\/p>\n<p style=\"font-weight: 400;\">Ka\u017cda osoba, kt\u00f3rej dane dotycz\u0105, ma prawo przyznane przez prawodawc\u0119 europejskiego do \u017c\u0105dania od administratora niezw\u0142ocznego usuni\u0119cia danych osobowych jej dotycz\u0105cych, a administrator ma obowi\u0105zek niezw\u0142ocznego usuni\u0119cia danych osobowych, je\u017celi zachodzi jedna z nast\u0119puj\u0105cych podstaw, o ile przetwarzanie nie jest konieczne:<\/p>\n<ul style=\"font-weight: 400;\">\n<li style=\"list-style-type: none;\">\n<ul>\n<li>Dane osobowe nie s\u0105 ju\u017c niezb\u0119dne do cel\u00f3w, w kt\u00f3rych zosta\u0142y zebrane lub w inny spos\u00f3b przetwarzane.<\/li>\n<li>Osoba, kt\u00f3rej dane dotycz\u0105, cofn\u0119\u0142a zgod\u0119, na kt\u00f3rej opiera si\u0119 przetwarzanie zgodnie z art. 6 ust. 1 lit. a) RODO lub art. 9 ust. 2 lit. a) RODO, i nie ma innej podstawy prawnej przetwarzania.<\/li>\n<li>Osoba, kt\u00f3rej dane dotycz\u0105, wnios\u0142a sprzeciw wobec przetwarzania na mocy art. 21 ust. 1 RODO i nie wyst\u0119puj\u0105 nadrz\u0119dne prawnie uzasadnione podstawy przetwarzania, lub osoba, kt\u00f3rej dane dotycz\u0105, wnios\u0142a sprzeciw wobec przetwarzania na mocy art. 21 ust. 2 RODO.<\/li>\n<li>Dane osobowe by\u0142y przetwarzane niezgodnie z prawem.<\/li>\n<li>Dane osobowe musz\u0105 zosta\u0107 usuni\u0119te w celu wywi\u0105zania si\u0119 z obowi\u0105zku prawnego przewidzianego w prawie Unii lub prawie pa\u0144stwa cz\u0142onkowskiego, kt\u00f3remu podlega administrator.<\/li>\n<li>Dane osobowe zosta\u0142y zebrane w zwi\u0105zku z oferowaniem us\u0142ug spo\u0142ecze\u0144stwa informacyjnego, o kt\u00f3rych mowa w art. 8 ust. 1 RODO.<\/li>\n<\/ul>\n<\/li>\n<\/ul>\n<div>&nbsp;<\/div>\n<p style=\"font-weight: 400;\">Je\u015bli zachodzi jedna z wy\u017cej wymienionych przyczyn, a osoba, kt\u00f3rej dane dotycz\u0105, chce za\u017c\u0105da\u0107 usuni\u0119cia danych osobowych przechowywanych przez MTCS, mo\u017ce w ka\u017cdej chwili skontaktowa\u0107 si\u0119 z dowolnym pracownikiem administratora. Pracownik MTCS niezw\u0142ocznie zapewni natychmiastowe spe\u0142nienie \u017c\u0105dania usuni\u0119cia. <\/p>\n<p style=\"font-weight: 400;\">Je\u017celi administrator upubliczni\u0142 dane osobowe i jest zobowi\u0105zany na mocy art. 17 ust. 1 do usuni\u0119cia danych osobowych, administrator, bior\u0105c pod uwag\u0119 dost\u0119pn\u0105 technologi\u0119 i koszty wdro\u017cenia, podejmuje rozs\u0105dne kroki, w tym \u015brodki techniczne, aby poinformowa\u0107 innych administrator\u00f3w przetwarzaj\u0105cych dane osobowe, \u017ce osoba, kt\u00f3rej dane dotycz\u0105, za\u017c\u0105da\u0142a od tych administrator\u00f3w usuni\u0119cia wszelkich link\u00f3w do tych danych osobowych, ich kopii lub replikacji, o ile przetwarzanie nie jest wymagane. Pracownicy MTCS podejm\u0105 niezb\u0119dne \u015brodki w indywidualnych przypadkach. <\/p>\n<p style=\"font-weight: 400;\">\n<\/p><p style=\"font-weight: 400;\"><strong style=\"color: var( --e-global-color-text ); font-family: var( --e-global-typography-text-font-family ), Sans-serif;\">e) Prawo do ograniczenia przetwarzania<\/strong><\/p>\n<p style=\"font-weight: 400;\">Ka\u017cda osoba, kt\u00f3rej dane dotycz\u0105, ma prawo przyznane przez prawodawc\u0119 europejskiego do uzyskania od administratora ograniczenia przetwarzania, je\u017celi zachodzi jedna z nast\u0119puj\u0105cych sytuacji:<\/p>\n<ul style=\"font-weight: 400;\">\n<li style=\"list-style-type: none;\">\n<ul>\n<li>Dok\u0142adno\u015b\u0107 danych osobowych jest kwestionowana przez osob\u0119, kt\u00f3rej dane dotycz\u0105, na okres umo\u017cliwiaj\u0105cy administratorowi weryfikacj\u0119 dok\u0142adno\u015bci danych osobowych.<\/li>\n<li>Przetwarzanie jest niezgodne z prawem, a osoba, kt\u00f3rej dane dotycz\u0105, sprzeciwia si\u0119 usuni\u0119ciu danych osobowych i zamiast tego \u017c\u0105da ograniczenia ich wykorzystywania.<\/li>\n<li>Administrator nie potrzebuje ju\u017c danych osobowych do cel\u00f3w przetwarzania, ale s\u0105 one potrzebne osobie, kt\u00f3rej dane dotycz\u0105, do ustalenia, dochodzenia lub obrony roszcze\u0144 prawnych.<\/li>\n<li>Osoba, kt\u00f3rej dane dotycz\u0105, wnios\u0142a sprzeciw wobec przetwarzania na mocy art. 21 ust. 1 RODO do czasu stwierdzenia, czy prawnie uzasadnione podstawy administratora s\u0105 nadrz\u0119dne wobec podstaw osoby, kt\u00f3rej dane dotycz\u0105.<\/li>\n<li>&nbsp;<\/li>\n<\/ul>\n<\/li>\n<\/ul>\n<p style=\"font-weight: 400;\">Je\u015bli spe\u0142niony jest jeden z wy\u017cej wymienionych warunk\u00f3w, a osoba, kt\u00f3rej dane dotycz\u0105, chce za\u017c\u0105da\u0107 ograniczenia przetwarzania danych osobowych przechowywanych przez MTCS, mo\u017ce w ka\u017cdej chwili skontaktowa\u0107 si\u0119 z dowolnym pracownikiem administratora. Pracownik MTCS zorganizuje ograniczenie przetwarzania. <\/p>\n<p style=\"font-weight: 400;\">\n<\/p><p style=\"font-weight: 400;\"><strong style=\"color: var( --e-global-color-text ); font-family: var( --e-global-typography-text-font-family ), Sans-serif;\">f) Prawo do przenoszenia danych<\/strong><\/p>\n<p style=\"font-weight: 400;\">Ka\u017cda osoba, kt\u00f3rej dane dotycz\u0105, ma prawo przyznane przez prawodawc\u0119 europejskiego do otrzymania dotycz\u0105cych jej danych osobowych, kt\u00f3re dostarczy\u0142a administratorowi, w ustrukturyzowanym, powszechnie u\u017cywanym formacie nadaj\u0105cym si\u0119 do odczytu maszynowego. Ma prawo przes\u0142a\u0107 te dane innemu administratorowi bez przeszk\u00f3d ze strony administratora, kt\u00f3remu dostarczono dane osobowe, o ile przetwarzanie odbywa si\u0119 na podstawie zgody zgodnie z art. 6 ust. 1 lit. a) RODO lub art. 9 ust. 2 lit. a) RODO, lub na podstawie umowy zgodnie z art. 6 ust. 1 lit. b) RODO, a przetwarzanie odbywa si\u0119 w spos\u00f3b zautomatyzowany, o ile przetwarzanie nie jest niezb\u0119dne do wykonania zadania realizowanego w interesie publicznym lub w ramach sprawowania w\u0142adzy publicznej powierzonej administratorowi.    <\/p>\n<p style=\"font-weight: 400;\">Ponadto, korzystaj\u0105c ze swojego prawa do przenoszenia danych na mocy art. 20 ust. 1 RODO, osoba, kt\u00f3rej dane dotycz\u0105, ma prawo do bezpo\u015bredniego przes\u0142ania danych osobowych od jednego administratora do drugiego, o ile jest to technicznie wykonalne i nie wp\u0142ywa negatywnie na prawa i wolno\u015bci innych os\u00f3b.<\/p>\n<p style=\"font-weight: 400;\">W celu skorzystania z prawa do przenoszenia danych, osoba, kt\u00f3rej dane dotycz\u0105, mo\u017ce w ka\u017cdej chwili skontaktowa\u0107 si\u0119 z dowolnym pracownikiem MTCS.<\/p>\n<p style=\"font-weight: 400;\"><strong style=\"color: var( --e-global-color-text ); font-family: var( --e-global-typography-text-font-family ), Sans-serif;\">&nbsp;<\/strong><\/p>\n<p style=\"font-weight: 400;\"><strong style=\"color: var( --e-global-color-text ); font-family: var( --e-global-typography-text-font-family ), Sans-serif;\">g) Prawo do sprzeciwu<\/strong><\/p>\n<p style=\"font-weight: 400;\">Ka\u017cda osoba, kt\u00f3rej dane dotycz\u0105, ma prawo przyznane przez prawodawc\u0119 europejskiego do wniesienia w dowolnym momencie sprzeciwu \u2013 z przyczyn zwi\u0105zanych z jej szczeg\u00f3ln\u0105 sytuacj\u0105 \u2013 wobec przetwarzania dotycz\u0105cych jej danych osobowych opartego na art. 6 ust. 1 lit. e) lub f) RODO. Dotyczy to r\u00f3wnie\u017c profilowania opartego na tych przepisach.   <\/p>\n<p style=\"font-weight: 400;\">MTCS nie b\u0119dzie ju\u017c przetwarza\u0107 danych osobowych w przypadku sprzeciwu, chyba \u017ce wyka\u017cemy istnienie wa\u017cnych prawnie uzasadnionych podstaw do przetwarzania, nadrz\u0119dnych wobec interes\u00f3w, praw i wolno\u015bci osoby, kt\u00f3rej dane dotycz\u0105, lub podstaw do ustalenia, dochodzenia lub obrony roszcze\u0144 prawnych.<\/p>\n<p style=\"font-weight: 400;\">Je\u017celi MTCS przetwarza dane osobowe na potrzeby marketingu bezpo\u015bredniego, osoba, kt\u00f3rej dane dotycz\u0105, ma prawo w dowolnym momencie wnie\u015b\u0107 sprzeciw wobec przetwarzania dotycz\u0105cych jej danych osobowych na potrzeby takiego marketingu. Dotyczy to profilowania w zakresie, w jakim jest ono zwi\u0105zane z takim marketingiem bezpo\u015brednim. Je\u017celi osoba, kt\u00f3rej dane dotycz\u0105, wniesie sprzeciw wobec MTCS w zakresie przetwarzania danych na potrzeby marketingu bezpo\u015bredniego, MTCS nie b\u0119dzie ju\u017c przetwarza\u0107 danych osobowych w tych celach.  <\/p>\n<p style=\"font-weight: 400;\">Ponadto, osoba, kt\u00f3rej dane dotycz\u0105, ma prawo \u2013 z przyczyn zwi\u0105zanych z jej szczeg\u00f3ln\u0105 sytuacj\u0105 \u2013 wnie\u015b\u0107 sprzeciw wobec przetwarzania dotycz\u0105cych jej danych osobowych przez MTCS do cel\u00f3w bada\u0144 naukowych lub historycznych, lub do cel\u00f3w statystycznych na mocy art. 89 ust. 1 RODO, chyba \u017ce przetwarzanie jest niezb\u0119dne do wykonania zadania realizowanego w interesie publicznym.<\/p>\n<p style=\"font-weight: 400;\">W celu skorzystania z prawa do sprzeciwu, osoba, kt\u00f3rej dane dotycz\u0105, mo\u017ce skontaktowa\u0107 si\u0119 z dowolnym pracownikiem MTCS. Ponadto, osoba, kt\u00f3rej dane dotycz\u0105, w kontek\u015bcie korzystania z us\u0142ug spo\u0142ecze\u0144stwa informacyjnego, niezale\u017cnie od dyrektywy 2002\/58\/WE, mo\u017ce skorzysta\u0107 z prawa do sprzeciwu za pomoc\u0105 \u015brodk\u00f3w zautomatyzowanych, wykorzystuj\u0105c specyfikacje techniczne. <\/p>\n<p style=\"font-weight: 400;\"><strong style=\"color: var( --e-global-color-text ); font-family: var( --e-global-typography-text-font-family ), Sans-serif;\">&nbsp;<\/strong><\/p>\n<p style=\"font-weight: 400;\"><strong style=\"color: var( --e-global-color-text ); font-family: var( --e-global-typography-text-font-family ), Sans-serif;\">h) Zautomatyzowane indywidualne podejmowanie decyzji, w tym profilowanie<\/strong><\/p>\n<p style=\"font-weight: 400;\">Ka\u017cda osoba, kt\u00f3rej dane dotycz\u0105, ma prawo przyznane przez prawodawc\u0119 europejskiego do niepodlegania decyzji, kt\u00f3ra opiera si\u0119 wy\u0142\u0105cznie na zautomatyzowanym przetwarzaniu, w tym profilowaniu, i wywo\u0142uje wobec niej skutki prawne lub w podobny spos\u00f3b istotnie na ni\u0105 wp\u0142ywa, o ile decyzja (1) nie jest niezb\u0119dna do zawarcia lub wykonania umowy mi\u0119dzy osob\u0105, kt\u00f3rej dane dotycz\u0105, a administratorem danych, lub (2) nie jest dozwolona prawem Unii lub prawem pa\u0144stwa cz\u0142onkowskiego, kt\u00f3remu podlega administrator, i kt\u00f3re przewiduje r\u00f3wnie\u017c odpowiednie \u015brodki ochrony praw, wolno\u015bci i prawnie uzasadnionych interes\u00f3w osoby, kt\u00f3rej dane dotycz\u0105, lub (3) nie opiera si\u0119 na wyra\u017anej zgodzie osoby, kt\u00f3rej dane dotycz\u0105.<\/p>\n<p style=\"font-weight: 400;\">Je\u017celi decyzja (1) jest niezb\u0119dna do zawarcia lub wykonania umowy mi\u0119dzy osob\u0105, kt\u00f3rej dane dotycz\u0105, a administratorem danych, lub (2) opiera si\u0119 na wyra\u017anej zgodzie osoby, kt\u00f3rej dane dotycz\u0105, MTCS wdro\u017cy odpowiednie \u015brodki ochrony praw, wolno\u015bci i prawnie uzasadnionych interes\u00f3w osoby, kt\u00f3rej dane dotycz\u0105, przynajmniej prawo do uzyskania interwencji ludzkiej ze strony administratora, do wyra\u017cenia w\u0142asnego stanowiska i zakwestionowania decyzji.<\/p>\n<p style=\"font-weight: 400;\">Je\u015bli osoba, kt\u00f3rej dane dotycz\u0105, chce skorzysta\u0107 z praw dotycz\u0105cych zautomatyzowanego indywidualnego podejmowania decyzji, mo\u017ce w ka\u017cdej chwili skontaktowa\u0107 si\u0119 z dowolnym pracownikiem MTCS.<\/p>\n<p style=\"font-weight: 400;\"><strong style=\"color: var( --e-global-color-text ); font-family: var( --e-global-typography-text-font-family ), Sans-serif;\">&nbsp;<\/strong><\/p>\n<p style=\"font-weight: 400;\"><strong style=\"color: var( --e-global-color-text ); font-family: var( --e-global-typography-text-font-family ), Sans-serif;\">i) Prawo do wycofania zgody na ochron\u0119 danych<\/strong><\/p>\n<p style=\"font-weight: 400;\">Ka\u017cda osoba, kt\u00f3rej dane dotycz\u0105, ma prawo przyznane przez prawodawc\u0119 europejskiego do wycofania w dowolnym momencie zgody na przetwarzanie jej danych osobowych.<\/p>\n<p style=\"font-weight: 400;\">Je\u015bli osoba, kt\u00f3rej dane dotycz\u0105, chce skorzysta\u0107 z prawa do wycofania zgody, mo\u017ce w ka\u017cdej chwili skontaktowa\u0107 si\u0119 z dowolnym pracownikiem MTCS.<\/p>\t\t\t\t\t\t\t\t<\/div>\n\t\t\t\t<div class=\"elementor-element elementor-element-72413d4 elementor-widget elementor-widget-text-editor\" data-id=\"72413d4\" data-element_type=\"widget\" data-e-type=\"widget\" data-widget_type=\"text-editor.default\">\n\t\t\t\t\t\t\t\t\t<p><strong>9. Ochrona danych w przypadku aplikacji i procedur aplikacyjnych<\/strong><br><br>Administrator danych gromadzi i przetwarza dane osobowe kandydat\u00f3w w celu realizacji procedury aplikacyjnej. Przetwarzanie mo\u017ce odbywa\u0107 si\u0119 r\u00f3wnie\u017c drog\u0105 elektroniczn\u0105. Dotyczy to w szczeg\u00f3lno\u015bci sytuacji, gdy kandydat przesy\u0142a odpowiednie dokumenty aplikacyjne poczt\u0105 elektroniczn\u0105 lub za po\u015brednictwem formularza internetowego na stronie internetowej do administratora. Je\u017celi administrator danych zawrze umow\u0119 o prac\u0119 z kandydatem, przes\u0142ane dane b\u0119d\u0105 przechowywane w celu przetwarzania stosunku pracy zgodnie z wymogami prawnymi. Je\u017celi z kandydatem nie zostanie zawarta umowa o prac\u0119 przez administratora, dokumenty aplikacyjne zostan\u0105 automatycznie usuni\u0119te dwa miesi\u0105ce po powiadomieniu o decyzji odmownej, pod warunkiem, \u017ce usuni\u0119ciu nie sprzeciwiaj\u0105 si\u0119 inne uzasadnione interesy administratora. Innym uzasadnionym interesem w tym zakresie jest np. ci\u0119\u017car dowodu w post\u0119powaniu na podstawie ustawy o r\u00f3wnym traktowaniu (AGG).     <\/p>\t\t\t\t\t\t\t\t<\/div>\n\t\t\t\t<div class=\"elementor-element elementor-element-7898636 elementor-widget elementor-widget-text-editor\" data-id=\"7898636\" data-element_type=\"widget\" data-e-type=\"widget\" data-widget_type=\"text-editor.default\">\n\t\t\t\t\t\t\t\t\t<p><strong>10. Przepisy o ochronie danych dotycz\u0105ce stosowania i korzystania z Facebooka<\/strong><\/p><p>Na tej stronie internetowej administrator zintegrowa\u0142 komponenty organizacji Facebook. Facebook to sie\u0107 spo\u0142eczno\u015bciowa.<br>Sie\u0107 spo\u0142eczno\u015bciowa to miejsce spotka\u0144 towarzyskich w sieci, spo\u0142eczno\u015b\u0107 internetowa, kt\u00f3ra zazwyczaj umo\u017cliwia u\u017cytkownikom komunikowanie si\u0119 ze sob\u0105 i interakcj\u0119 w wirtualnej przestrzeni. Sie\u0107 spo\u0142eczno\u015bciowa mo\u017ce s\u0142u\u017cy\u0107 jako platforma do wymiany opinii i do\u015bwiadcze\u0144 lub umo\u017cliwia\u0107 spo\u0142eczno\u015bci internetowej dostarczanie informacji osobistych lub biznesowych. Facebook umo\u017cliwia u\u017cytkownikom sieci spo\u0142eczno\u015bciowych tworzenie prywatnych profili, przesy\u0142anie zdj\u0119\u0107 i nawi\u0105zywanie kontakt\u00f3w poprzez zaproszenia do znajomych.   <\/p><p><br>Operatorem Facebooka jest Facebook, Inc., 1 Hacker Way, Menlo Park, CA 94025, Stany Zjednoczone. Je\u015bli osoba mieszka poza Stanami Zjednoczonymi lub Kanad\u0105, administratorem jest Facebook Ireland Ltd., 4 Grand Canal Square, Grand Canal Harbour, Dublin 2, Irlandia.<br>Przy ka\u017cdym wywo\u0142aniu jednej z poszczeg\u00f3lnych stron tej witryny internetowej, kt\u00f3ra jest obs\u0142ugiwana przez administratora i w kt\u00f3r\u0105 zintegrowano komponent Facebooka (wtyczki Facebooka), przegl\u0105darka internetowa w systemie informatycznym osoby, kt\u00f3rej dane dotycz\u0105, jest automatycznie proszona o pobranie wy\u015bwietlenia odpowiedniego komponentu Facebooka z Facebooka za po\u015brednictwem komponentu Facebooka. Przegl\u0105d wszystkich wtyczek Facebooka mo\u017cna znale\u017a\u0107 pod adresem https:\/\/developers.facebook.com\/docs\/plugins\/. W trakcie tej procedury technicznej Facebook dowiaduje si\u0119, kt\u00f3r\u0105 konkretn\u0105 podstron\u0119 naszej witryny odwiedzi\u0142a osoba, kt\u00f3rej dane dotycz\u0105.<br>Je\u015bli osoba, kt\u00f3rej dane dotycz\u0105, jest jednocze\u015bnie zalogowana na Facebooku, Facebook wykrywa przy ka\u017cdym wywo\u0142aniu naszej witryny przez osob\u0119, kt\u00f3rej dane dotycz\u0105 \u2013 i przez ca\u0142y czas jej pobytu na naszej stronie internetowej \u2013 kt\u00f3r\u0105 konkretn\u0105 podstron\u0119 naszej witryny odwiedzi\u0142a osoba, kt\u00f3rej dane dotycz\u0105. Informacje te s\u0105 gromadzone za po\u015brednictwem komponentu Facebooka i powi\u0105zane z odpowiednim kontem Facebook osoby, kt\u00f3rej dane dotycz\u0105. Je\u015bli osoba, kt\u00f3rej dane dotycz\u0105, kliknie jeden z przycisk\u00f3w Facebooka zintegrowanych z nasz\u0105 witryn\u0105, np. przycisk \u201eLubi\u0119 to\u201d, lub je\u015bli osoba, kt\u00f3rej dane dotycz\u0105, prze\u015ble komentarz, w\u00f3wczas Facebook dopasowuje te informacje do osobistego konta u\u017cytkownika Facebooka osoby, kt\u00f3rej dane dotycz\u0105, i przechowuje dane osobowe.    <\/p><p><br>Facebook zawsze otrzymuje, za po\u015brednictwem komponentu Facebooka, informacje o wizycie osoby, kt\u00f3rej dane dotycz\u0105, na naszej stronie internetowej, ilekro\u0107 osoba, kt\u00f3rej dane dotycz\u0105, jest jednocze\u015bnie zalogowana na Facebooku w momencie wej\u015bcia na nasz\u0105 stron\u0119 internetow\u0105. Dzieje si\u0119 tak niezale\u017cnie od tego, czy osoba, kt\u00f3rej dane dotycz\u0105, kliknie komponent Facebooka, czy nie. Je\u015bli takie przekazywanie informacji do Facebooka nie jest po\u017c\u0105dane przez osob\u0119, kt\u00f3rej dane dotycz\u0105, mo\u017ce ona temu zapobiec, wylogowuj\u0105c si\u0119 ze swojego konta na Facebooku przed wej\u015bciem na nasz\u0105 stron\u0119 internetow\u0105.<br>Opublikowana przez Facebooka polityka prywatno\u015bci, dost\u0119pna pod adresem https:\/\/facebook.com\/about\/privacy\/, zawiera informacje na temat gromadzenia, przetwarzania i wykorzystywania danych osobowych przez Facebooka. Ponadto wyja\u015bniono tam, jakie opcje ustawie\u0144 oferuje Facebook w celu ochrony prywatno\u015bci osoby, kt\u00f3rej dane dotycz\u0105. Dost\u0119pne s\u0105 r\u00f3wnie\u017c r\u00f3\u017cne opcje konfiguracji, kt\u00f3re umo\u017cliwiaj\u0105 wyeliminowanie przesy\u0142ania danych do Facebooka. Aplikacje te mog\u0105 by\u0107 wykorzystywane przez osob\u0119, kt\u00f3rej dane dotycz\u0105, w celu wyeliminowania przesy\u0142ania danych do Facebooka.     <\/p>\t\t\t\t\t\t\t\t<\/div>\n\t\t\t\t<div class=\"elementor-element elementor-element-8c65490 elementor-widget elementor-widget-text-editor\" data-id=\"8c65490\" data-element_type=\"widget\" data-e-type=\"widget\" data-widget_type=\"text-editor.default\">\n\t\t\t\t\t\t\t\t\t<p><strong>11. Postanowienia dotycz\u0105ce ochrony danych w zakresie stosowania i wykorzystywania Google Analytics (z funkcj\u0105 anonimizacji)<\/strong><\/p><p>Na tej stronie internetowej administrator zintegrowa\u0142 komponent Google Analytics (z funkcj\u0105 anonimizacji). Google Analytics to us\u0142uga analizy stron internetowych. Analiza stron internetowych to gromadzenie, zbieranie i analiza danych dotycz\u0105cych zachowania odwiedzaj\u0105cych strony internetowe. Us\u0142uga analizy stron internetowych gromadzi mi\u0119dzy innymi dane o stronie internetowej, z kt\u00f3rej dana osoba przysz\u0142a (tzw. strona odsy\u0142aj\u0105ca), kt\u00f3re podstrony zosta\u0142y odwiedzone oraz jak cz\u0119sto i przez jaki czas podstrona by\u0142a przegl\u0105dana. Analiza stron internetowych jest wykorzystywana g\u0142\u00f3wnie do optymalizacji strony internetowej oraz do przeprowadzania analizy koszt\u00f3w i korzy\u015bci z reklam internetowych.    <\/p><p><br>Operatorem komponentu Google Analytics jest Google Inc., 1600 Amphitheatre Pkwy, Mountain View, CA 94043-1351, Stany Zjednoczone.<\/p><p><br>Do analizy stron internetowych za po\u015brednictwem Google Analytics administrator u\u017cywa aplikacji \u201e_gat. _anonymizeIp\u201d. Za pomoc\u0105 tej aplikacji adres IP po\u0142\u0105czenia internetowego osoby, kt\u00f3rej dane dotycz\u0105, jest skracany przez Google i anonimizowany podczas uzyskiwania dost\u0119pu do naszych stron internetowych z pa\u0144stwa cz\u0142onkowskiego Unii Europejskiej lub innego pa\u0144stwa b\u0119d\u0105cego stron\u0105 Porozumienia o Europejskim Obszarze Gospodarczym.<br>Celem komponentu Google Analytics jest analiza ruchu na naszej stronie internetowej. Google wykorzystuje zgromadzone dane i informacje mi\u0119dzy innymi do oceny korzystania z naszej strony internetowej oraz do dostarczania raport\u00f3w online, kt\u00f3re pokazuj\u0105 aktywno\u015b\u0107 na naszych stronach internetowych, a tak\u017ce do \u015bwiadczenia innych us\u0142ug zwi\u0105zanych z korzystaniem z naszej strony internetowej dla nas.   <\/p><p><br>Google Analytics umieszcza plik cookie w systemie informatycznym osoby, kt\u00f3rej dane dotycz\u0105. Definicja plik\u00f3w cookie zosta\u0142a wyja\u015bniona powy\u017cej. Dzi\u0119ki umieszczeniu pliku cookie Google mo\u017ce analizowa\u0107 korzystanie z naszej strony internetowej. Przy ka\u017cdym wej\u015bciu na jedn\u0105 z poszczeg\u00f3lnych stron tej witryny, kt\u00f3ra jest obs\u0142ugiwana przez administratora i w kt\u00f3rej zintegrowano komponent Google Analytics, przegl\u0105darka internetowa w systemie informatycznym osoby, kt\u00f3rej dane dotycz\u0105, automatycznie przesy\u0142a dane za po\u015brednictwem komponentu Google Analytics w celu reklamy online i rozliczania prowizji dla Google. W trakcie tej procedury technicznej organizacja Google uzyskuje wiedz\u0119 o danych osobowych, takich jak adres IP osoby, kt\u00f3rej dane dotycz\u0105, co s\u0142u\u017cy Google mi\u0119dzy innymi do zrozumienia pochodzenia odwiedzaj\u0105cych i klikni\u0119\u0107, a nast\u0119pnie do tworzenia rozlicze\u0144 prowizji.    <\/p><p><br>Plik cookie s\u0142u\u017cy do przechowywania danych osobowych, takich jak czas dost\u0119pu, lokalizacja, z kt\u00f3rej uzyskano dost\u0119p, oraz cz\u0119stotliwo\u015b\u0107 wizyt osoby, kt\u00f3rej dane dotycz\u0105, na naszej stronie internetowej. Przy ka\u017cdej wizycie na naszej stronie internetowej takie dane osobowe, w tym adres IP dost\u0119pu do sieci u\u017cywany przez osob\u0119, kt\u00f3rej dane dotycz\u0105, zostan\u0105 przes\u0142ane do Google w Stanach Zjednoczonych Ameryki. Te dane osobowe s\u0105 przechowywane przez Google w Stanach Zjednoczonych Ameryki. Google mo\u017ce przekazywa\u0107 te dane osobowe zebrane w drodze procedury technicznej stronom trzecim.<br>Osoba, kt\u00f3rej dane dotycz\u0105, mo\u017ce, jak wspomniano powy\u017cej, w dowolnym momencie zapobiec umieszczaniu plik\u00f3w cookie za po\u015brednictwem naszej strony internetowej, dokonuj\u0105c odpowiedniej zmiany w u\u017cywanej przegl\u0105darce internetowej, a tym samym trwale odm\u00f3wi\u0107 umieszczania plik\u00f3w cookie. Taka zmiana w u\u017cywanej przegl\u0105darce internetowej zapobieg\u0142aby r\u00f3wnie\u017c umieszczaniu pliku cookie przez Google Analytics w systemie informatycznym osoby, kt\u00f3rej dane dotycz\u0105. Ponadto pliki cookie ju\u017c u\u017cywane przez Google Analytics mog\u0105 by\u0107 w ka\u017cdej chwili usuni\u0119te za po\u015brednictwem przegl\u0105darki internetowej lub innych program\u00f3w.     <\/p><p><br>Ponadto osoba, kt\u00f3rej dane dotycz\u0105, ma mo\u017cliwo\u015b\u0107 sprzeciwienia si\u0119 gromadzeniu danych generowanych przez Google Analytics, kt\u00f3re s\u0105 zwi\u0105zane z korzystaniem z tej strony internetowej, a tak\u017ce przetwarzaniu tych danych przez Google oraz mo\u017cliwo\u015bci wykluczenia takiego przetwarzania. W tym celu osoba, kt\u00f3rej dane dotycz\u0105, musi pobra\u0107 i zainstalowa\u0107 dodatek do przegl\u0105darki pod linkiem https:\/\/tools.google.com\/dlpage\/gaoptout. Ten dodatek do przegl\u0105darki informuje Google Analytics za po\u015brednictwem JavaScript, \u017ce wszelkie dane i informacje o wizytach na stronach internetowych nie mog\u0105 by\u0107 przesy\u0142ane do Google Analytics. Instalacja dodatku do przegl\u0105darki jest traktowana jako sprzeciw przez Google. Je\u015bli system informatyczny osoby, kt\u00f3rej dane dotycz\u0105, zostanie p\u00f3\u017aniej usuni\u0119ty, sformatowany lub ponownie zainstalowany, osoba, kt\u00f3rej dane dotycz\u0105, musi ponownie zainstalowa\u0107 dodatki do przegl\u0105darki, aby wy\u0142\u0105czy\u0107 Google Analytics. Je\u015bli dodatek do przegl\u0105darki zosta\u0142 odinstalowany przez osob\u0119, kt\u00f3rej dane dotycz\u0105, lub inn\u0105 osob\u0119, kt\u00f3ra nale\u017cy do jej sfery kompetencji, lub jest wy\u0142\u0105czony, mo\u017cliwe jest ponowne zainstalowanie lub ponowne aktywowanie dodatk\u00f3w do przegl\u0105darki.     <\/p><p><br>Dalsze informacje oraz obowi\u0105zuj\u0105ce przepisy dotycz\u0105ce ochrony danych Google mo\u017cna znale\u017a\u0107 pod adresem https:\/\/www.google.com\/intl\/en\/policies\/privacy\/ oraz http:\/\/www.google.com\/analytics\/terms\/us.html. Google Analytics jest szerzej wyja\u015bnione pod nast\u0119puj\u0105cym linkiem https:\/\/www.google.com\/analytics\/.<\/p>\t\t\t\t\t\t\t\t<\/div>\n\t\t\t\t<div class=\"elementor-element elementor-element-a5415d5 elementor-widget elementor-widget-text-editor\" data-id=\"a5415d5\" data-element_type=\"widget\" data-e-type=\"widget\" data-widget_type=\"text-editor.default\">\n\t\t\t\t\t\t\t\t\t<p><strong>12. Postanowienia dotycz\u0105ce ochrony danych w zakresie stosowania i wykorzystywania LinkedIn<\/strong><\/p><p>Administrator zintegrowa\u0142 komponenty LinkedIn Corporation na tej stronie internetowej. LinkedIn to internetowa sie\u0107 spo\u0142eczno\u015bciowa, kt\u00f3ra umo\u017cliwia u\u017cytkownikom z istniej\u0105cymi kontaktami biznesowymi \u0142\u0105czenie si\u0119 i nawi\u0105zywanie nowych kontakt\u00f3w biznesowych. Ponad 400 milion\u00f3w zarejestrowanych os\u00f3b w ponad 200 krajach korzysta z LinkedIn. Tym samym LinkedIn jest obecnie najwi\u0119ksz\u0105 platform\u0105 kontakt\u00f3w biznesowych i jedn\u0105 z najcz\u0119\u015bciej odwiedzanych stron internetowych na \u015bwiecie.   <\/p><p>Sp\u00f3\u0142k\u0105 operacyjn\u0105 LinkedIn jest LinkedIn Corporation, 2029 Stierlin Court Mountain View, CA 94043, STANY ZJEDNOCZONE. W sprawach dotycz\u0105cych prywatno\u015bci poza Stanami Zjednoczonymi odpowiedzialne jest LinkedIn Ireland, Privacy Policy Issues, Wilton Plaza, Wilton Place, Dublin 2, Irlandia. <\/p><p>Przy ka\u017cdym wej\u015bciu na jedn\u0105 z poszczeg\u00f3lnych stron tej witryny, kt\u00f3ra jest obs\u0142ugiwana przez administratora i na kt\u00f3rej zintegrowano komponent LinkedIn (wtyczka LinkedIn), przegl\u0105darka internetowa w systemie informatycznym osoby, kt\u00f3rej dane dotycz\u0105, jest automatycznie proszona o pobranie wy\u015bwietlenia odpowiedniego komponentu LinkedIn. Dalsze informacje na temat wtyczki LinkedIn mo\u017cna znale\u017a\u0107 pod adresem https:\/\/developer.linkedin.com\/plugins. W trakcie tej procedury technicznej LinkedIn uzyskuje wiedz\u0119 o tym, kt\u00f3ra konkretna podstrona naszej witryny zosta\u0142a odwiedzona przez osob\u0119, kt\u00f3rej dane dotycz\u0105. <\/p><p>Je\u015bli osoba, kt\u00f3rej dane dotycz\u0105, jest jednocze\u015bnie zalogowana na LinkedIn, LinkedIn wykrywa przy ka\u017cdym wej\u015bciu na nasz\u0105 stron\u0119 internetow\u0105 przez osob\u0119, kt\u00f3rej dane dotycz\u0105 \u2014 i przez ca\u0142y czas jej pobytu na naszej stronie internetowej \u2014 kt\u00f3ra konkretna podstrona naszej strony zosta\u0142a odwiedzona przez osob\u0119, kt\u00f3rej dane dotycz\u0105. Informacje te s\u0105 gromadzone za po\u015brednictwem komponentu LinkedIn i powi\u0105zane z odpowiednim kontem LinkedIn osoby, kt\u00f3rej dane dotycz\u0105. Je\u015bli osoba, kt\u00f3rej dane dotycz\u0105, kliknie jeden z przycisk\u00f3w LinkedIn zintegrowanych na naszej stronie internetowej, LinkedIn przypisuje te informacje do osobistego konta u\u017cytkownika LinkedIn osoby, kt\u00f3rej dane dotycz\u0105 i przechowuje dane osobowe.  <\/p><p>LinkedIn otrzymuje informacje za po\u015brednictwem komponentu LinkedIn, \u017ce osoba, kt\u00f3rej dane dotycz\u0105, odwiedzi\u0142a nasz\u0105 stron\u0119 internetow\u0105, pod warunkiem, \u017ce osoba, kt\u00f3rej dane dotycz\u0105, jest zalogowana na LinkedIn w momencie wej\u015bcia na nasz\u0105 stron\u0119 internetow\u0105. Dzieje si\u0119 tak niezale\u017cnie od tego, czy dana osoba kliknie przycisk LinkedIn, czy nie. Je\u015bli takie przekazywanie informacji do LinkedIn nie jest po\u017c\u0105dane przez osob\u0119, kt\u00f3rej dane dotycz\u0105, mo\u017ce ona temu zapobiec, wylogowuj\u0105c si\u0119 ze swojego konta LinkedIn przed wej\u015bciem na nasz\u0105 stron\u0119 internetow\u0105.  <\/p><p>LinkedIn udost\u0119pnia pod adresem https:\/\/www.linkedin.com\/psettings\/guest-controls mo\u017cliwo\u015b\u0107 rezygnacji z wiadomo\u015bci e-mail, wiadomo\u015bci SMS i reklam ukierunkowanych, a tak\u017ce mo\u017cliwo\u015b\u0107 zarz\u0105dzania ustawieniami reklam. LinkedIn korzysta r\u00f3wnie\u017c z podmiot\u00f3w stowarzyszonych, takich jak Eire, Google Analytics, BlueKai, DoubleClick, Nielsen, Comscore, Eloqua i Lotame. Umieszczanie takich plik\u00f3w cookie mo\u017cna odrzuci\u0107 pod adresem https:\/\/www.linkedin.com\/legal\/cookie-policy. Obowi\u0105zuj\u0105ca polityka prywatno\u015bci LinkedIn jest dost\u0119pna pod adresem https:\/\/www.linkedin.com\/legal\/privacy-policy. Polityka plik\u00f3w cookie LinkedIn jest dost\u0119pna pod adresem https:\/\/www.linkedin.com\/legal\/cookie-policy.  <\/p>\t\t\t\t\t\t\t\t<\/div>\n\t\t\t\t<div class=\"elementor-element elementor-element-0331f4a elementor-widget elementor-widget-text-editor\" data-id=\"0331f4a\" data-element_type=\"widget\" data-e-type=\"widget\" data-widget_type=\"text-editor.default\">\n\t\t\t\t\t\t\t\t\t<p><strong>13. Podstawa prawna przetwarzania<\/strong><br>Art. 6 ust. 1 lit. a RODO stanowi podstaw\u0119 prawn\u0105 dla operacji przetwarzania, dla kt\u00f3rych uzyskujemy zgod\u0119 na okre\u015blony cel przetwarzania. Je\u017celi przetwarzanie danych osobowych jest niezb\u0119dne do wykonania umowy, kt\u00f3rej stron\u0105 jest osoba, kt\u00f3rej dane dotycz\u0105, jak ma to miejsce na przyk\u0142ad, gdy operacje przetwarzania s\u0105 niezb\u0119dne do dostarczenia towar\u00f3w lub \u015bwiadczenia innej us\u0142ugi, przetwarzanie opiera si\u0119 na art. 6 ust. 1 lit. b RODO. To samo dotyczy operacji przetwarzania, kt\u00f3re s\u0105 niezb\u0119dne do podj\u0119cia dzia\u0142a\u0144 przed zawarciem umowy, na przyk\u0142ad w przypadku zapyta\u0144 dotycz\u0105cych naszych produkt\u00f3w lub us\u0142ug. Je\u017celi nasza firma podlega obowi\u0105zkowi prawnemu, kt\u00f3ry wymaga przetwarzania danych osobowych, np. w celu wype\u0142nienia obowi\u0105zk\u00f3w podatkowych, przetwarzanie opiera si\u0119 na art. 6 ust. 1 lit. c RODO.<br>W rzadkich przypadkach przetwarzanie danych osobowych mo\u017ce by\u0107 niezb\u0119dne do ochrony \u017cywotnych interes\u00f3w osoby, kt\u00f3rej dane dotycz\u0105, lub innej osoby fizycznej. Mia\u0142oby to miejsce na przyk\u0142ad, gdyby odwiedzaj\u0105cy zosta\u0142 ranny w naszej firmie i jego imi\u0119, wiek, dane ubezpieczenia zdrowotnego lub inne istotne informacje musia\u0142yby zosta\u0107 przekazane lekarzowi, szpitalowi lub innej stronie trzeciej. W\u00f3wczas przetwarzanie opiera\u0142oby si\u0119 na art. 6 ust. 1 lit. d RODO.         <\/p><p>Wreszcie, operacje przetwarzania mog\u0105 opiera\u0107 si\u0119 na art. 6 ust. 1 lit. f RODO. Ta podstawa prawna jest wykorzystywana do operacji przetwarzania, kt\u00f3re nie s\u0105 obj\u0119te \u017cadn\u0105 z wy\u017cej wymienionych podstaw prawnych, je\u017celi przetwarzanie jest niezb\u0119dne do cel\u00f3w uzasadnionych interes\u00f3w realizowanych przez nasz\u0105 firm\u0119 lub przez stron\u0119 trzeci\u0105, z wyj\u0105tkiem sytuacji, gdy interesy te s\u0105 nadrz\u0119dne wobec interes\u00f3w lub podstawowych praw i wolno\u015bci osoby, kt\u00f3rej dane dotycz\u0105, kt\u00f3re wymagaj\u0105 ochrony danych osobowych. Takie operacje przetwarzania s\u0105 szczeg\u00f3lnie dopuszczalne, poniewa\u017c zosta\u0142y wyra\u017anie wymienione przez prawodawc\u0119 europejskiego. Uzna\u0142 on, \u017ce uzasadniony interes mo\u017cna za\u0142o\u017cy\u0107, je\u015bli osoba, kt\u00f3rej dane dotycz\u0105, jest klientem administratora (motyw 47 zdanie 2 RODO).    <\/p>\n<p><strong>14. Uzasadnione interesy realizowane przez administratora lub przez stron\u0119 trzeci\u0105<\/strong><br>W przypadku, gdy przetwarzanie danych osobowych opiera si\u0119 na art. 6 ust. 1 lit. f RODO, naszym uzasadnionym interesem jest prowadzenie naszej dzia\u0142alno\u015bci na rzecz dobra wszystkich naszych pracownik\u00f3w i udzia\u0142owc\u00f3w. <\/p>\n<p><strong>15. Okres przechowywania danych osobowych<\/strong><br>Kryterium stosowanym do okre\u015blenia okresu przechowywania danych osobowych jest odpowiedni ustawowy okres przechowywania. Po up\u0142ywie tego okresu odpowiednie dane s\u0105 rutynowo usuwane, o ile nie s\u0105 ju\u017c niezb\u0119dne do realizacji umowy lub jej zawarcia. <\/p>\n<p><strong>16. Udost\u0119pnianie danych osobowych jako wym\u00f3g ustawowy lub umowny; Wym\u00f3g niezb\u0119dny do zawarcia umowy; Obowi\u0105zek osoby, kt\u00f3rej dane dotycz\u0105, do udost\u0119pnienia danych osobowych; mo\u017cliwe konsekwencje nieudost\u0119pnienia takich danych<\/strong><\/p>\n<p>Wyja\u015bniamy, \u017ce udost\u0119pnianie danych osobowych jest cz\u0119\u015bciowo wymagane przez prawo (np. przepisy podatkowe) lub mo\u017ce r\u00f3wnie\u017c wynika\u0107 z postanowie\u0144 umownych (np. informacje o partnerze umownym).<br>Czasami mo\u017ce by\u0107 konieczne do zawarcia umowy, aby osoba, kt\u00f3rej dane dotycz\u0105, przekaza\u0142a nam dane osobowe, kt\u00f3re nast\u0119pnie musz\u0105 by\u0107 przez nas przetwarzane. Osoba, kt\u00f3rej dane dotycz\u0105, jest na przyk\u0142ad zobowi\u0105zana do przekazania nam danych osobowych, gdy nasza firma podpisuje z ni\u0105 umow\u0119. Nieprzekazanie danych osobowych skutkowa\u0142oby niemo\u017cno\u015bci\u0105 zawarcia umowy z osob\u0105, kt\u00f3rej dane dotycz\u0105.<br>Zanim dane osobowe zostan\u0105 przekazane przez osob\u0119, kt\u00f3rej dane dotycz\u0105, musi ona skontaktowa\u0107 si\u0119 z dowolnym pracownikiem. Pracownik wyja\u015bnia osobie, kt\u00f3rej dane dotycz\u0105, czy udost\u0119pnienie danych osobowych jest wymagane przez prawo lub umow\u0119, czy jest niezb\u0119dne do zawarcia umowy, czy istnieje obowi\u0105zek udost\u0119pnienia danych osobowych oraz konsekwencje nieudost\u0119pnienia danych osobowych.   <\/p>\t\t\t\t\t\t\t\t<\/div>\n\t\t\t\t\t<\/div>\n\t\t<\/div>\n\t\t\t\t\t<\/div>\n\t\t<\/section>\n\t\t\t\t<\/div>\n\t\t","protected":false},"excerpt":{"rendered":"<p>Polityka prywatno\u015bci Dzi\u0119kujemy za zainteresowanie nasz\u0105 organizacj\u0105. Ochrona danych jest szczeg\u00f3lnie wysokim priorytetem dla zarz\u0105du Marine 2-Stroke Consultant &amp; Service GmbH (dalej zwanej \u201eMTCS\u201d lub \u201emy\u201d). Przetwarzamy dane osobowe podczas Twojej wizyty na naszej stronie internetowej w celu dostarczenia Ci tre\u015bci, umo\u017cliwienia zarz\u0105dzania plikami cookie u\u017cywanymi na stronie, zabezpieczenia naszej infrastruktury IT oraz analizy b\u0142\u0119d\u00f3w [&hellip;]<\/p>\n","protected":false},"author":1,"featured_media":0,"parent":0,"menu_order":0,"comment_status":"closed","ping_status":"closed","template":"elementor_header_footer","meta":{"inline_featured_image":false,"footnotes":""},"class_list":["post-1048","page","type-page","status-publish","hentry"],"_links":{"self":[{"href":"https:\/\/www.mtcs.eu\/pl\/wp-json\/wp\/v2\/pages\/1048","targetHints":{"allow":["GET"]}}],"collection":[{"href":"https:\/\/www.mtcs.eu\/pl\/wp-json\/wp\/v2\/pages"}],"about":[{"href":"https:\/\/www.mtcs.eu\/pl\/wp-json\/wp\/v2\/types\/page"}],"author":[{"embeddable":true,"href":"https:\/\/www.mtcs.eu\/pl\/wp-json\/wp\/v2\/users\/1"}],"replies":[{"embeddable":true,"href":"https:\/\/www.mtcs.eu\/pl\/wp-json\/wp\/v2\/comments?post=1048"}],"version-history":[{"count":1,"href":"https:\/\/www.mtcs.eu\/pl\/wp-json\/wp\/v2\/pages\/1048\/revisions"}],"predecessor-version":[{"id":1049,"href":"https:\/\/www.mtcs.eu\/pl\/wp-json\/wp\/v2\/pages\/1048\/revisions\/1049"}],"wp:attachment":[{"href":"https:\/\/www.mtcs.eu\/pl\/wp-json\/wp\/v2\/media?parent=1048"}],"curies":[{"name":"wp","href":"https:\/\/api.w.org\/{rel}","templated":true}]}}